{"id":87,"date":"2015-10-16T19:47:43","date_gmt":"2015-10-16T18:47:43","guid":{"rendered":"http:\/\/blog.addap13.net\/psc\/?page_id=87"},"modified":"2016-10-07T09:35:50","modified_gmt":"2016-10-07T07:35:50","slug":"4-bilans","status":"publish","type":"page","link":"https:\/\/blog.addap13.net\/psc\/dispositif-hts\/college-jacques-prevert\/4-bilans\/","title":{"rendered":"4- Bilans"},"content":{"rendered":"<h4><\/h4>\n<h4><\/h4>\n<h4>Voici les derniers bilans pour le coll\u00e8ge Jacques Pr\u00e9vert :<\/h4>\n<h4><\/h4>\n<h4><span style=\"color: #0000ff\"><a style=\"color: #0000ff\" href=\"http:\/\/blog.addap13.net\/psc\/wp-content\/uploads\/sites\/11\/2015\/11\/Bilan-vacances-juillet-ao\u00fbt-2015-Jacques-Pr\u00e9vert.pdf\" target=\"_blank\">Bilan vacances juillet-ao\u00fbt 2015 Jacques Pr\u00e9vert<\/a><\/span><\/h4>\n<h4><span style=\"color: #0000ff\"><a style=\"color: #0000ff\" href=\"http:\/\/blog.addap13.net\/psc\/wp-content\/uploads\/sites\/11\/2015\/11\/Bilan-2em-trimestre-2015-Jacques-Pr\u00e9vert.pdf\" target=\"_blank\">Bilan 2eme trimestre 2015 Jacques Pr\u00e9vert<\/a><\/span><\/h4>\n<h4><span style=\"color: #0000ff\"><a style=\"color: #0000ff\" href=\"http:\/\/blog.addap13.net\/psc\/wp-content\/uploads\/sites\/11\/2015\/11\/Bilan-1er-trimestre-2015-Jacques-Pr\u00e9vert.pdf\" target=\"_blank\">Bilan 1er trimestre 2015 Jacques Pr\u00e9vert<\/a><\/span><\/h4>\n<h4><span style=\"color: #0000ff\"><a style=\"color: #0000ff\" href=\"http:\/\/blog.addap13.net\/psc\/wp-content\/uploads\/sites\/11\/2015\/11\/Bilan-1er-trimestre-2015-Jacques-Pr\u00e9vert.pdf\" target=\"_blank\">Bilan vacances de la Toussaint 2015 Jacques Pr\u00e9vert<\/a><\/span><\/h4>\n<h4><span style=\"color: #0000ff\"><a style=\"color: #0000ff\" href=\"http:\/\/blog.addap13.net\/psc\/wp-content\/uploads\/sites\/11\/2015\/11\/BILAN-ANNUEL-2015.pdf\" target=\"_blank\" rel=\"\">Bilan annuel 2015<\/a><\/span><\/h4>\n<h4><span style=\"color: #0000ff\"><a style=\"color: #0000ff\" href=\"http:\/\/blog.addap13.net\/psc\/wp-content\/uploads\/sites\/11\/2015\/11\/Bilan-1er-trimestre-2016-Jacques-Pre\u0301vert.pdf\" target=\"_blank\">Bilan 1er trimestre 2016 Jacques Pre\u0301vert<\/a><span style=\"line-height: 1em\">\u00a0<\/span><\/span><\/h4>\n<h4><span style=\"color: #0000ff\"><a style=\"color: #0000ff\" href=\"http:\/\/blog.addap13.net\/psc\/wp-content\/uploads\/sites\/11\/2016\/10\/Bilan-e\u0301te\u0301-2016-Jacques-Pre\u0301vert.pptx\" target=\"_blank\">Bilan-ete-2016-Jacques Prevert<\/a><\/span><\/h4>\n<h4><\/h4>\n","protected":false},"excerpt":{"rendered":"<p>Voici les derniers bilans pour le coll\u00e8ge Jacques Pr\u00e9vert : Bilan vacances juillet-ao\u00fbt 2015 Jacques Pr\u00e9vert Bilan 2eme trimestre 2015 Jacques Pr\u00e9vert Bilan 1er trimestre 2015 Jacques Pr\u00e9vert Bilan vacances de la Toussaint 2015 Jacques Pr\u00e9vert Bilan annuel 2015 Bilan 1er trimestre 2016 Jacques Pre\u0301vert\u00a0 Bilan-ete-2016-Jacques Prevert<\/p>\n","protected":false},"author":5,"featured_media":0,"parent":37,"menu_order":0,"comment_status":"closed","ping_status":"closed","template":"","meta":{"footnotes":""},"class_list":["post-87","page","type-page","status-publish","hentry"],"_links":{"self":[{"href":"https:\/\/blog.addap13.net\/psc\/wp-json\/wp\/v2\/pages\/87","targetHints":{"allow":["GET"]}}],"collection":[{"href":"https:\/\/blog.addap13.net\/psc\/wp-json\/wp\/v2\/pages"}],"about":[{"href":"https:\/\/blog.addap13.net\/psc\/wp-json\/wp\/v2\/types\/page"}],"author":[{"embeddable":true,"href":"https:\/\/blog.addap13.net\/psc\/wp-json\/wp\/v2\/users\/5"}],"replies":[{"embeddable":true,"href":"https:\/\/blog.addap13.net\/psc\/wp-json\/wp\/v2\/comments?post=87"}],"version-history":[{"count":16,"href":"https:\/\/blog.addap13.net\/psc\/wp-json\/wp\/v2\/pages\/87\/revisions"}],"predecessor-version":[{"id":850,"href":"https:\/\/blog.addap13.net\/psc\/wp-json\/wp\/v2\/pages\/87\/revisions\/850"}],"up":[{"embeddable":true,"href":"https:\/\/blog.addap13.net\/psc\/wp-json\/wp\/v2\/pages\/37"}],"wp:attachment":[{"href":"https:\/\/blog.addap13.net\/psc\/wp-json\/wp\/v2\/media?parent=87"}],"curies":[{"name":"wp","href":"https:\/\/api.w.org\/{rel}","templated":true}]}}