{"id":805,"date":"2016-08-20T14:26:32","date_gmt":"2016-08-20T12:26:32","guid":{"rendered":"http:\/\/blog.addap13.net\/psc\/?page_id=805"},"modified":"2016-10-07T09:38:47","modified_gmt":"2016-10-07T07:38:47","slug":"urban-sport-truck","status":"publish","type":"page","link":"https:\/\/blog.addap13.net\/psc\/urban-sport-truck\/","title":{"rendered":"URBAN SPORT TRUCK"},"content":{"rendered":"<h1><\/h1>\n<h1><\/h1>\n<h1><span style=\"color: #333399\"><strong>Urban Sport Truck 3\u00e8me (UST 3\u00e8me)<\/strong><\/span><\/h1>\n<p>&nbsp;<\/p>\n<h3 style=\"text-align: justify\"><\/h3>\n<h3 style=\"text-align: justify\"><span style=\"color: #000000\"><strong>Description de l\u2019action :<\/strong><\/span><\/h3>\n<h5 style=\"text-align: justify\"><span style=\"color: #000000\">Le projet consiste \u00e0 d\u00e9velopper une action sportive et citoyenne de proximit\u00e9 sur diff\u00e9rentes places publiques du 3\u00e8me arrondissement de Marseille.<\/span><br \/>\n<span style=\"color: #000000\"> L\u2019\u00e9quipe sera compos\u00e9e de 3 \u00e9ducateurs sportifs dipl\u00f4m\u00e9s dans les m\u00e9tiers du sport et de l\u2019animation. Celle-ci sera \u00e9quip\u00e9e d\u2019un v\u00e9hicule sp\u00e9cialis\u00e9 (Truck), sp\u00e9cialement con\u00e7u pour cette action et \u00e9quip\u00e9 de mat\u00e9riels sportifs mobiles et adapt\u00e9s.<\/span><\/h5>\n<ul>\n<li style=\"text-align: justify\">\n<h5><span style=\"color: #000000\">Les temps d\u2019animation s\u2019effectueront du lundi au dimanche. Chaque jour de la semaine, une place diff\u00e9rente sera anim\u00e9e. De plus, le personnel embauch\u00e9 et exp\u00e9riment\u00e9 d\u00e9veloppera des temps d\u2019\u00e9coute et de convivialit\u00e9 en parall\u00e8le des animations sportives.<\/span><\/h5>\n<\/li>\n<li style=\"text-align: justify\">\n<h5><span style=\"color: #000000\">Une fois par mois, l&rsquo;\u00e9quipe \u00e9ducative animera une action \u00e9v\u00e9nementielle de grande envergure, co-construite avec les habitants du territoire.<\/span><\/h5>\n<\/li>\n<\/ul>\n<h3><span style=\"color: #000000\"><strong>Jours, lieux et horaires des animations sportives urbaines:<\/strong><\/span><\/h3>\n<h5 style=\"text-align: justify\"><span style=\"color: #000000\">L\u2019action se d\u00e9roulera\u00a0sur plusieurs places ou espaces publics du 3\u00e8me arrondissement, en lien avec l\u2019action engag\u00e9e Hors Temps Scolaires (HTS) dans les complexes sportifs que nous g\u00e9rons actuellement (plateau sportif de Saint-Mauront, complexe sportifs des coll\u00e8ges Edgar Quinet et Jean-Claude Izzo) :<\/span><\/h5>\n<ul style=\"text-align: justify\">\n<li style=\"text-align: justify\">\n<h5><span style=\"color: #000000\"><em>Lundi <\/em>:\u00a0Parvis des ABD Gaston-Defferre &#8211; quartier de la Villette &#8211; 17h00 \/ 22h00<\/span><\/h5>\n<\/li>\n<li style=\"text-align: justify\">\n<h5><span style=\"color: #000000\"><em>Mardi<\/em> :\u00a0Coll\u00e8ge Versailles &#8211; quartier de Saint-Lazare &#8211; 18h00 \/ 22h00<\/span><\/h5>\n<\/li>\n<li style=\"text-align: justify\">\n<h5><span style=\"color: #000000\"><em>Mercredi<\/em> :\u00a0Coll\u00e8ge Versailles &#8211; quartier de Saint-Lazare &#8211; 18h00 \/ 22h00<\/span><\/h5>\n<\/li>\n<li style=\"text-align: justify\">\n<h5><span style=\"color: #000000\"><em>Jeudi<\/em> : Plateau sportif de Strasbourg &#8211; quartier de Saint-Lazare &#8211; 17h00 \/ 22h00\u00a0<\/span><\/h5>\n<\/li>\n<li style=\"text-align: justify\">\n<h5><span style=\"color: #000000\"><em>Vendredi<\/em> : Place Bernard Cadenat &#8211; quartier de la Belle de Mai &#8211; 17h00 \/ 22h00<\/span><\/h5>\n<\/li>\n<li style=\"text-align: justify\">\n<h5><span style=\"color: #000000\"><em>Samedi<\/em> : Place Arzial ou Docks libres &#8211; quartier de Saint-Mauront &#8211; 17h00 \/ 22h00<\/span><\/h5>\n<\/li>\n<li style=\"text-align: justify\">\n<h5><span style=\"color: #000000\"><em>Dimanche<\/em> : Coll\u00e8ge Edgar Quinet &#8211; quartier de Saint-Lazare &#8211; 14h00 \/ 19h00<\/span><\/h5>\n<\/li>\n<\/ul>\n<h5><span style=\"color: #000000\">Pour d\u00e9couvrir la carte des lieux des animations sportives, cliquez sur le lien ci-dessous :<\/span><\/h5>\n<h5><span style=\"color: #0000ff\"><a style=\"color: #0000ff\" href=\"http:\/\/blog.addap13.net\/psc\/wp-content\/uploads\/sites\/11\/2016\/08\/cartographie.pdf\" target=\"_blank\">Zone g\u00e9ographique de r\u00e9alisation de l&rsquo;action<\/a><\/span><\/h5>\n<p>&nbsp;<\/p>\n<h3><span style=\"color: #000000\"><strong>Public b\u00e9n\u00e9ficiaire :<\/strong><\/span><\/h3>\n<h5><span style=\"color: #000000\">Ce projet s&rsquo;adresse \u00e0 tous les habitants occupants les espaces publics cibl\u00e9s, qu&rsquo;ils soient enfants, adolescents, adultes et s\u00e9niors, gar\u00e7ons et filles, mais \u00e9galement \u00e0 toutes personnes souhaitant d\u00e9couvrir les animations sportives ou partager un moment d&rsquo;\u00e9change avec les \u00e9ducateurs pr\u00e9sents.<\/span><\/h5>\n<h3><span style=\"color: #000000\">\u00a0<\/span><\/h3>\n<h3><span style=\"color: #000000\"><strong>Objectif de l\u2019action :<\/strong><\/span><\/h3>\n<ul style=\"text-align: justify\">\n<li>\n<h5><span style=\"color: #000000\">Aller \u00e0 la rencontre des habitants dans l\u2019espace public (enfants \/ adolescents \/ adultes \/ s\u00e9niors), en proposant des activit\u00e9s sportives ou culturelles structur\u00e9es et un temps d\u2019\u00e9coute et d\u2019\u00e9change dans la convivialit\u00e9. Cette pr\u00e9sence sociale \u00e9ducative favorisera l\u2019orientation des habitants vers les dispositifs de droit commun.<\/span><\/h5>\n<\/li>\n<li>\n<h5><span style=\"color: #000000\">Lutter contre le sentiment d\u2019abandon dans un secteur parmi les plus pr\u00e9caris\u00e9, recr\u00e9er du lien entre les habitants et les services publics.<\/span><\/h5>\n<\/li>\n<li>\n<h5><span style=\"color: #000000\">Favoriser le lien social entre les habitants et encourager la citoyennet\u00e9, la mixit\u00e9 sociale et le mieux vivre ensemble.<\/span><\/h5>\n<\/li>\n<\/ul>\n<h3><span style=\"color: #000000\"><strong>Les partenaires de l&rsquo;Urban Sport Truck :<\/strong><\/span><\/h3>\n<h5><span style=\"color: #000000\">Les partenaires publics :<\/span><\/h5>\n<ul>\n<li>\n<h5><span style=\"color: #000000\">Le Conseil D\u00e9partemental des Bouches-du-Rh\u00f4ne<\/span><\/h5>\n<\/li>\n<li>\n<h5><span style=\"color: #000000\">La pr\u00e9fecture des Bouches-du-Rh\u00f4ne<\/span><\/h5>\n<\/li>\n<\/ul>\n<h5><span style=\"color: #000000\">Les partenaires priv\u00e9s :<\/span><\/h5>\n<ul>\n<li>\n<h5><span style=\"color: #000000\">Corevih Paca Ouest Corse<\/span><\/h5>\n<\/li>\n<li>\n<h5><span style=\"color: #000000\">Nexity<\/span><\/h5>\n<\/li>\n<\/ul>\n<h4 style=\"text-align: justify\"><\/h4>\n<h3 style=\"text-align: center\"><span style=\"color: #333399\"><strong> Urban Sport Truck : une action au c\u0153ur du 3\u00e8me arr. de Marseille<\/strong><\/span><\/h3>\n<p>&nbsp;<\/p>\n","protected":false},"excerpt":{"rendered":"<p>Urban Sport Truck 3\u00e8me (UST 3\u00e8me) &nbsp; Description de l\u2019action : Le projet consiste \u00e0 d\u00e9velopper une action sportive et citoyenne de proximit\u00e9 sur diff\u00e9rentes places publiques du 3\u00e8me arrondissement de Marseille. L\u2019\u00e9quipe sera compos\u00e9e de 3 \u00e9ducateurs sportifs dipl\u00f4m\u00e9s dans les m\u00e9tiers du sport et de l\u2019animation. Celle-ci sera \u00e9quip\u00e9e d\u2019un v\u00e9hicule sp\u00e9cialis\u00e9 (Truck), [&hellip;]<\/p>\n","protected":false},"author":2,"featured_media":0,"parent":0,"menu_order":9,"comment_status":"closed","ping_status":"closed","template":"","meta":{"footnotes":""},"class_list":["post-805","page","type-page","status-publish","hentry"],"_links":{"self":[{"href":"https:\/\/blog.addap13.net\/psc\/wp-json\/wp\/v2\/pages\/805","targetHints":{"allow":["GET"]}}],"collection":[{"href":"https:\/\/blog.addap13.net\/psc\/wp-json\/wp\/v2\/pages"}],"about":[{"href":"https:\/\/blog.addap13.net\/psc\/wp-json\/wp\/v2\/types\/page"}],"author":[{"embeddable":true,"href":"https:\/\/blog.addap13.net\/psc\/wp-json\/wp\/v2\/users\/2"}],"replies":[{"embeddable":true,"href":"https:\/\/blog.addap13.net\/psc\/wp-json\/wp\/v2\/comments?post=805"}],"version-history":[{"count":22,"href":"https:\/\/blog.addap13.net\/psc\/wp-json\/wp\/v2\/pages\/805\/revisions"}],"predecessor-version":[{"id":834,"href":"https:\/\/blog.addap13.net\/psc\/wp-json\/wp\/v2\/pages\/805\/revisions\/834"}],"wp:attachment":[{"href":"https:\/\/blog.addap13.net\/psc\/wp-json\/wp\/v2\/media?parent=805"}],"curies":[{"name":"wp","href":"https:\/\/api.w.org\/{rel}","templated":true}]}}