{"id":74,"date":"2020-08-23T20:04:36","date_gmt":"2020-08-23T18:04:36","guid":{"rendered":"https:\/\/blog.addap13.net\/equilibre\/?page_id=74"},"modified":"2025-03-17T17:31:21","modified_gmt":"2025-03-17T16:31:21","slug":"presentation-du-groupe-addap-13","status":"publish","type":"page","link":"https:\/\/blog.addap13.net\/equilibre\/presentation-du-groupe-addap-13\/","title":{"rendered":"Le Groupe ADDAP 13"},"content":{"rendered":"<h3>Op\u00e9rateur historique de l\u2019intervention sociale \u00e0 l\u2019\u00e9chelle du d\u00e9partement Bouches-du-Rh\u00f4ne, le Groupe addap13 est constitu\u00e9 de quatre associations et compte environ 800 salari\u00e9(e)s.<\/h3>\n<p>&nbsp;<\/p>\n<ul>\n<li><strong>L\u2019association Groupe addap13<\/strong>\n<ul>\n<li>Un p\u00f4le pr\u00e9vention sp\u00e9cialis\u00e9e dans le cadre de l\u2019aide sociale \u00e0 l\u2019enfance. 130 \u00e9ducateurs accompagnent plus de 11 500 jeunes dans 21 communes des Bouches-du-Rh\u00f4ne. En outre le service Pr\u00e9vention sport coll\u00e8ges propose des animations dans des \u00e9quipements scolaires et des quartiers d\u2019habitat social (30 \u00e9ducateurs sportifs) et le service Insertion par le logement g\u00e8re 17 appartements destin\u00e9s \u00e0 loger temporairement des jeunes accompagn\u00e9s par la pr\u00e9vention sp\u00e9cialis\u00e9e.<\/li>\n<li>Un P\u00f4le Mineurs non accompagn\u00e9s dans le cadre de l\u2019aide sociale \u00e0 l\u2019enfance\u00a0: un service charg\u00e9 de l\u2019accueil et mise \u00e0 l\u2019abri pour \u00e9valuation et un service d\u2019h\u00e9bergement diversifi\u00e9s\u00a0: au total 315 jeunes sont h\u00e9berg\u00e9s.<\/li>\n<li>L&rsquo;\u00e9tablissement secondaire EI EQUILIBRE, cuisine collective Entreprise d&rsquo;insertion.<br \/>\n<a href=\"https:\/\/blog.addap13.net\/equilibre\/un-projet-social-pour-repondre-a-une-problematique-sociale\/\">https:\/\/blog.addap13.net\/equilibre\/un-projet-social-pour-repondre-a-une-problematique-sociale\/<\/a><\/li>\n<\/ul>\n<\/li>\n<\/ul>\n<p>&nbsp;<\/p>\n<ul>\n<li><strong>L\u2019association M\u00e9diations et coh\u00e9sion sociale (AMCS)<\/strong><\/li>\n<\/ul>\n<p>Elle intervient dans des quartiers politiques de la ville, les TER de la ligne Aix-Marseille, des coll\u00e8ges et des lyc\u00e9es de diff\u00e9rentes communes des Bouches-du-Rh\u00f4ne. Plus de 80 salari\u00e9s pr\u00e9viennent et r\u00e9gulent les conflits, restaurent les liens sociaux, informent et orientent les personnes et d\u00e9livrent des messages \u00e9ducatifs.<\/p>\n<p>&nbsp;<\/p>\n<ul>\n<li><strong>L\u2019association Insertion par l\u2019activit\u00e9 \u00e9conomique et solidaire (AIAES)<\/strong><\/li>\n<\/ul>\n<p>L&rsquo;association porte six chantiers d\u2019insertion dans des cit\u00e9s d\u2019habitat social de quartiers prioritaires marseillais.<\/p>\n","protected":false},"excerpt":{"rendered":"<p>Op\u00e9rateur historique de l\u2019intervention sociale \u00e0 l\u2019\u00e9chelle du d\u00e9partement Bouches-du-Rh\u00f4ne, le Groupe addap13 est constitu\u00e9 de quatre associations et compte<\/p>\n","protected":false},"author":25,"featured_media":0,"parent":0,"menu_order":0,"comment_status":"closed","ping_status":"closed","template":"","meta":{"colormag_page_container_layout":"no_sidebar_full_width","colormag_page_sidebar_layout":"left_sidebar","footnotes":""},"class_list":["post-74","page","type-page","status-publish","hentry"],"_links":{"self":[{"href":"https:\/\/blog.addap13.net\/equilibre\/wp-json\/wp\/v2\/pages\/74","targetHints":{"allow":["GET"]}}],"collection":[{"href":"https:\/\/blog.addap13.net\/equilibre\/wp-json\/wp\/v2\/pages"}],"about":[{"href":"https:\/\/blog.addap13.net\/equilibre\/wp-json\/wp\/v2\/types\/page"}],"author":[{"embeddable":true,"href":"https:\/\/blog.addap13.net\/equilibre\/wp-json\/wp\/v2\/users\/25"}],"replies":[{"embeddable":true,"href":"https:\/\/blog.addap13.net\/equilibre\/wp-json\/wp\/v2\/comments?post=74"}],"version-history":[{"count":8,"href":"https:\/\/blog.addap13.net\/equilibre\/wp-json\/wp\/v2\/pages\/74\/revisions"}],"predecessor-version":[{"id":925,"href":"https:\/\/blog.addap13.net\/equilibre\/wp-json\/wp\/v2\/pages\/74\/revisions\/925"}],"wp:attachment":[{"href":"https:\/\/blog.addap13.net\/equilibre\/wp-json\/wp\/v2\/media?parent=74"}],"curies":[{"name":"wp","href":"https:\/\/api.w.org\/{rel}","templated":true}]}}